{"id":112,"date":"2016-02-15T23:30:11","date_gmt":"2016-02-15T22:30:11","guid":{"rendered":"http:\/\/www.bremer-imker.de\/bremer-imkerverein\/?page_id=112"},"modified":"2016-02-15T23:31:56","modified_gmt":"2016-02-15T22:31:56","slug":"bienengiftallergie","status":"publish","type":"page","link":"https:\/\/www.bremer-imker.de\/bremer-imkerverein\/bienengiftallergie\/","title":{"rendered":"Bienengiftallergie"},"content":{"rendered":"<p><em>von Dr.med. G. Kempf, Imkermeister<\/em><\/p>\n<p><strong>Entstehung von Allergien:<\/strong><\/p>\n<p>Bei Kontakt mit k\u00f6rperfremden Substanzen entwickelt unser K\u00f6rper ein Abwehrsystem durch Bildung von Antik\u00f6rpern. Im Normalfall werden diese k\u00f6rperfremden Substanzen bei weiteren Kontakten von den Antik\u00f6rpern abgefangen und neutralisiert.<\/p>\n<p><strong>Bei Allergie jedoch kommt es zu einer unangemessen starken Reaktion:<\/strong><\/p>\n<p>Die Antik\u00f6rper lagern sich an bestimmte Zellen im Blut und in anderen K\u00f6rpergeweben (Mastzellen) und f\u00fchren zur sofortigen Freisetzung von Botenstoffen. Diese f\u00fchren innerhalb von Sekunden bis Minuten zu \u00f6rtlichen Reaktionen bis hin zu lebensbedrohlichen Zust\u00e4nden:<\/p>\n<p><strong>1. Lokale Reaktion:<\/strong><\/p>\n<p>Entz\u00fcndungszeichen an der Einstichstelle (Quaddel), kann<\/p>\n<p>Vorbote f\u00fcr eine systemische Reaktion sein!<\/p>\n<p><strong>Schweregrade bei systemischer Reaktion:<\/strong><\/p>\n<ol>\n<li>Leichte Allgemeinreaktion, z.B. Quaddeln auch au\u00dferhalb des Stichbereichs, juckender Ausschlag.<\/li>\n<li>Mittelschwere Allgemeinreaktion: Augentr\u00e4nen, Naselaufen, Schwellung der Augenlider u. Lippen, \u00dcbelkeit, erschwertes Atmen, Schwei\u00dfausbruch, Angstgef\u00fchl.<\/li>\n<li>Schwere Allgemeinreaktion: Atemnot durch Schwellung der oberen Luftwege, asthmatische Atmung, Erbrechen.<\/li>\n<li>Anaphylaktischer Schock: lebensbedrohlicher Zustand mit Zusammenbruch des Kreislaufs, kalter Schwei\u00df, bla\u00df-blau-graue Gesichtsfarbe, blaue Lippen, schwere Atemnot durch Verkrampfung der Bronchien und Schwellung des Kehldeckels, rasender, kaum tastbarer Puls, Ohnmacht, Kr\u00e4mpfe, Tod.<\/li>\n<\/ol>\n<p><strong>Todesf\u00e4lle:<\/strong><\/p>\n<p>In Deutschland sterben in jedem Jahr etwa 14 Menschen an den Folgen von Insektenstichen, in der Mehrzahl durch Bienenstiche!<br \/>\nDavon sind 19 % nicht allergisch bedingt (z.B. Stich in die Luftwege) 81 % durch systemische allergische Reaktion.<\/p>\n<p>Anf\u00e4llig f\u00fcr Allergien sind Menschen mit bestimmten Erbanlagen und mit bestimmter Exposition. Beispielsweise kommt es zu besonders hoher Antik\u00f6rperproduktion bei kurzen Stich-Intervallen, (unter 2 Monaten), deshalb sind Imker besonders gef\u00e4hrdet!<\/p>\n<p>Wichtigste und wirksamste Vorbeugung bei Bienengiftallergie ist eine<\/p>\n<p><strong>Hyposensibilisierungsbehandlung:<\/strong><\/p>\n<p>durch Injektion gereinigten Bienengiftes in steigender Dosierung kommt es zur \u201cGew\u00f6hnung\u201c des Immunsystems an das Allergen.<\/p>\n<p><strong>Erfolgsrate: 99%!<\/strong><\/p>\n","protected":false},"excerpt":{"rendered":"<p>von Dr.med. G. Kempf, Imkermeister Entstehung von Allergien: Bei Kontakt mit k\u00f6rperfremden Substanzen entwickelt unser K\u00f6rper ein Abwehrsystem durch Bildung von Antik\u00f6rpern. Im Normalfall werden diese k\u00f6rperfremden Substanzen bei weiteren Kontakten von den Antik\u00f6rpern abgefangen und neutralisiert. Bei Allergie jedoch kommt es zu einer unangemessen starken Reaktion: Die Antik\u00f6rper lagern sich an bestimmte Zellen im &hellip; <\/p>\n<p class=\"link-more\"><a href=\"https:\/\/www.bremer-imker.de\/bremer-imkerverein\/bienengiftallergie\/\" class=\"more-link\">Mehr <span class=\"screen-reader-text\">\u00fcber &#8222;Bienengiftallergie&#8220; <\/span>Lesen<\/a><\/p>\n","protected":false},"author":2,"featured_media":0,"parent":0,"menu_order":0,"comment_status":"closed","ping_status":"closed","template":"","meta":{"_mc_calendar":[],"footnotes":""},"class_list":["post-112","page","type-page","status-publish","hentry"],"_links":{"self":[{"href":"https:\/\/www.bremer-imker.de\/bremer-imkerverein\/wp-json\/wp\/v2\/pages\/112","targetHints":{"allow":["GET"]}}],"collection":[{"href":"https:\/\/www.bremer-imker.de\/bremer-imkerverein\/wp-json\/wp\/v2\/pages"}],"about":[{"href":"https:\/\/www.bremer-imker.de\/bremer-imkerverein\/wp-json\/wp\/v2\/types\/page"}],"author":[{"embeddable":true,"href":"https:\/\/www.bremer-imker.de\/bremer-imkerverein\/wp-json\/wp\/v2\/users\/2"}],"replies":[{"embeddable":true,"href":"https:\/\/www.bremer-imker.de\/bremer-imkerverein\/wp-json\/wp\/v2\/comments?post=112"}],"version-history":[{"count":4,"href":"https:\/\/www.bremer-imker.de\/bremer-imkerverein\/wp-json\/wp\/v2\/pages\/112\/revisions"}],"predecessor-version":[{"id":399,"href":"https:\/\/www.bremer-imker.de\/bremer-imkerverein\/wp-json\/wp\/v2\/pages\/112\/revisions\/399"}],"wp:attachment":[{"href":"https:\/\/www.bremer-imker.de\/bremer-imkerverein\/wp-json\/wp\/v2\/media?parent=112"}],"curies":[{"name":"wp","href":"https:\/\/api.w.org\/{rel}","templated":true}]}}